{"id":485,"date":"2017-03-20T22:54:58","date_gmt":"2017-03-20T21:54:58","guid":{"rendered":"http:\/\/www2.sssv.org\/17\/?page_id=485"},"modified":"2024-03-03T11:34:40","modified_gmt":"2024-03-03T10:34:40","slug":"vss","status":"publish","type":"page","link":"https:\/\/www.sssv.org\/17\/vss\/","title":{"rendered":"VSS"},"content":{"rendered":"<p>[vc_row][vc_column width=&#8220;2\/3&#8243;][vc_column_text]<\/p>\n<h1><strong>VSS<\/strong><\/h1>\n<p>[\/vc_column_text][vc_separator color=&#8220;custom&#8220; border_width=&#8220;5&#8243; accent_color=&#8220;#fb0102&#8243;][vc_column_text]<span style=\"font-size: 12pt;\"><strong>Verband S\u00fcdtiroler Sportvereine<\/strong><\/span><\/p>\n<p class=\"bodytext\">Das Referat <b>Schie\u00dfsport <\/b>wurde im Jahr <b>1988 <\/b>in den Verband der Sportvereine S\u00fcdtirols aufgenommen.<\/p>\n<figure id=\"attachment_4198\" aria-describedby=\"caption-attachment-4198\" style=\"width: 195px\" class=\"wp-caption alignnone\"><img loading=\"lazy\" class=\"wp-image-4198\" src=\"https:\/\/www.sssv.org\/17\/wp-content\/uploads\/2022\/10\/Gruener-Kilian-L-J-L-219x300.jpg\" alt=\"\" width=\"195\" height=\"267\" srcset=\"https:\/\/www.sssv.org\/17\/wp-content\/uploads\/2022\/10\/Gruener-Kilian-L-J-L-219x300.jpg 219w, https:\/\/www.sssv.org\/17\/wp-content\/uploads\/2022\/10\/Gruener-Kilian-L-J-L-307x420.jpg 307w, https:\/\/www.sssv.org\/17\/wp-content\/uploads\/2022\/10\/Gruener-Kilian-L-J-L.jpg 392w\" sizes=\"(max-width: 195px) 100vw, 195px\" \/><figcaption id=\"caption-attachment-4198\" class=\"wp-caption-text\">Kilian Gr\u00fcner<\/figcaption><\/figure>\n<p>Kilian Gr\u00fcner aus dem Vinschgau ist seit Oktober 2022 der Referent f\u00fcr den Schie\u00dfsport.<\/p>\n<p>In Zusammenarbeit mit dem Regionalkomitee und dem S\u00fcdtiroler Sportsch\u00fctzenverband werden in verschiedenen F\u00f6rderprogrammen Jugendliche von 10 bis 20 Jahren betreut. Es werden auch verschiedene Wettk\u00e4mpfe auf Bezirks- und Landesebene organisiert.<\/p>\n<p class=\"bodytext\">Weitere Infos auf den Seiten des VSS <span style=\"text-decoration: underline; color: #ff0000;\"><a style=\"color: #ff0000;\" href=\"http:\/\/www.vss.bz.it\/sportprogramme\/sportschiessen\/allgemeine-informationen\/\" target=\"_blank\" rel=\"noopener noreferrer\"><strong><span style=\"font-size: 12pt;\">Referat Schie\u00dfsport<\/span><\/strong><\/a><\/span><\/p>\n<p>[\/vc_column_text][vc_separator color=&#8220;custom&#8220; border_width=&#8220;5&#8243; accent_color=&#8220;#e29754&#8243;][\/vc_column][\/vc_row]<\/p>\n","protected":false},"excerpt":{"rendered":"<p>[vc_row][vc_column width=&#8220;2\/3&#8243;][vc_column_text] VSS [\/vc_column_text][vc_separator color=&#8220;custom&#8220; border_width=&#8220;5&#8243; accent_color=&#8220;#fb0102&#8243;][vc_column_text]Verband S\u00fcdtiroler Sportvereine Das Referat Schie\u00dfsport wurde im Jahr 1988 in den Verband der Sportvereine S\u00fcdtirols aufgenommen. Kilian Gr\u00fcner aus dem Vinschgau ist seit Oktober 2022 der Referent f\u00fcr den Schie\u00dfsport. In Zusammenarbeit mit dem Regionalkomitee und dem S\u00fcdtiroler Sportsch\u00fctzenverband werden in verschiedenen F\u00f6rderprogrammen Jugendliche von 10 bis 20 [&hellip;]<\/p>\n","protected":false},"author":1,"featured_media":0,"parent":0,"menu_order":0,"comment_status":"closed","ping_status":"closed","template":"","meta":[],"yoast_head":"<!-- This site is optimized with the Yoast SEO plugin v17.8 - https:\/\/yoast.com\/wordpress\/plugins\/seo\/ -->\n<meta name=\"robots\" content=\"index, follow, max-snippet:-1, max-image-preview:large, max-video-preview:-1\" \/>\n<link rel=\"canonical\" href=\"https:\/\/www.sssv.org\/17\/vss\/\" \/>\n<meta property=\"og:locale\" content=\"de_DE\" \/>\n<meta property=\"og:type\" content=\"article\" \/>\n<meta property=\"og:title\" content=\"VSS - SSSV\" \/>\n<meta property=\"og:description\" content=\"[vc_row][vc_column width=&#8220;2\/3&#8243;][vc_column_text] VSS [\/vc_column_text][vc_separator color=&#8220;custom&#8220; border_width=&#8220;5&#8243; accent_color=&#8220;#fb0102&#8243;][vc_column_text]Verband S\u00fcdtiroler Sportvereine Das Referat Schie\u00dfsport wurde im Jahr 1988 in den Verband der Sportvereine S\u00fcdtirols aufgenommen. Kilian Gr\u00fcner aus dem Vinschgau ist seit Oktober 2022 der Referent f\u00fcr den Schie\u00dfsport. In Zusammenarbeit mit dem Regionalkomitee und dem S\u00fcdtiroler Sportsch\u00fctzenverband werden in verschiedenen F\u00f6rderprogrammen Jugendliche von 10 bis 20 [&hellip;]\" \/>\n<meta property=\"og:url\" content=\"https:\/\/www.sssv.org\/17\/vss\/\" \/>\n<meta property=\"og:site_name\" content=\"SSSV\" \/>\n<meta property=\"article:modified_time\" content=\"2024-03-03T10:34:40+00:00\" \/>\n<meta property=\"og:image\" content=\"https:\/\/www.sssv.org\/17\/wp-content\/uploads\/2022\/10\/Gruener-Kilian-L-J-L-219x300.jpg\" \/>\n<meta name=\"twitter:card\" content=\"summary_large_image\" \/>\n<meta name=\"twitter:label1\" content=\"Gesch\u00e4tzte Lesezeit\" \/>\n\t<meta name=\"twitter:data1\" content=\"1\u00a0Minute\" \/>\n<script type=\"application\/ld+json\" class=\"yoast-schema-graph\">{\"@context\":\"https:\/\/schema.org\",\"@graph\":[{\"@type\":\"WebSite\",\"@id\":\"https:\/\/www.sssv.org\/17\/#website\",\"url\":\"https:\/\/www.sssv.org\/17\/\",\"name\":\"SSSV\",\"description\":\"S\\u00fcdtiroler Sportsch\\u00fctzenverband\",\"potentialAction\":[{\"@type\":\"SearchAction\",\"target\":{\"@type\":\"EntryPoint\",\"urlTemplate\":\"https:\/\/www.sssv.org\/17\/?s={search_term_string}\"},\"query-input\":\"required name=search_term_string\"}],\"inLanguage\":\"de\"},{\"@type\":\"ImageObject\",\"@id\":\"https:\/\/www.sssv.org\/17\/vss\/#primaryimage\",\"inLanguage\":\"de\",\"url\":\"https:\/\/www.sssv.org\/17\/wp-content\/uploads\/2022\/10\/Gruener-Kilian-L-J-L.jpg\",\"contentUrl\":\"https:\/\/www.sssv.org\/17\/wp-content\/uploads\/2022\/10\/Gruener-Kilian-L-J-L.jpg\",\"width\":392,\"height\":536},{\"@type\":\"WebPage\",\"@id\":\"https:\/\/www.sssv.org\/17\/vss\/#webpage\",\"url\":\"https:\/\/www.sssv.org\/17\/vss\/\",\"name\":\"VSS - SSSV\",\"isPartOf\":{\"@id\":\"https:\/\/www.sssv.org\/17\/#website\"},\"primaryImageOfPage\":{\"@id\":\"https:\/\/www.sssv.org\/17\/vss\/#primaryimage\"},\"datePublished\":\"2017-03-20T21:54:58+00:00\",\"dateModified\":\"2024-03-03T10:34:40+00:00\",\"breadcrumb\":{\"@id\":\"https:\/\/www.sssv.org\/17\/vss\/#breadcrumb\"},\"inLanguage\":\"de\",\"potentialAction\":[{\"@type\":\"ReadAction\",\"target\":[\"https:\/\/www.sssv.org\/17\/vss\/\"]}]},{\"@type\":\"BreadcrumbList\",\"@id\":\"https:\/\/www.sssv.org\/17\/vss\/#breadcrumb\",\"itemListElement\":[{\"@type\":\"ListItem\",\"position\":1,\"name\":\"Startseite\",\"item\":\"https:\/\/www.sssv.org\/17\/\"},{\"@type\":\"ListItem\",\"position\":2,\"name\":\"VSS\"}]}]}<\/script>\n<!-- \/ Yoast SEO plugin. -->","yoast_head_json":{"robots":{"index":"index","follow":"follow","max-snippet":"max-snippet:-1","max-image-preview":"max-image-preview:large","max-video-preview":"max-video-preview:-1"},"canonical":"https:\/\/www.sssv.org\/17\/vss\/","og_locale":"de_DE","og_type":"article","og_title":"VSS - SSSV","og_description":"[vc_row][vc_column width=&#8220;2\/3&#8243;][vc_column_text] VSS [\/vc_column_text][vc_separator color=&#8220;custom&#8220; border_width=&#8220;5&#8243; accent_color=&#8220;#fb0102&#8243;][vc_column_text]Verband S\u00fcdtiroler Sportvereine Das Referat Schie\u00dfsport wurde im Jahr 1988 in den Verband der Sportvereine S\u00fcdtirols aufgenommen. Kilian Gr\u00fcner aus dem Vinschgau ist seit Oktober 2022 der Referent f\u00fcr den Schie\u00dfsport. In Zusammenarbeit mit dem Regionalkomitee und dem S\u00fcdtiroler Sportsch\u00fctzenverband werden in verschiedenen F\u00f6rderprogrammen Jugendliche von 10 bis 20 [&hellip;]","og_url":"https:\/\/www.sssv.org\/17\/vss\/","og_site_name":"SSSV","article_modified_time":"2024-03-03T10:34:40+00:00","og_image":[{"url":"https:\/\/www.sssv.org\/17\/wp-content\/uploads\/2022\/10\/Gruener-Kilian-L-J-L-219x300.jpg"}],"twitter_card":"summary_large_image","twitter_misc":{"Gesch\u00e4tzte Lesezeit":"1\u00a0Minute"},"schema":{"@context":"https:\/\/schema.org","@graph":[{"@type":"WebSite","@id":"https:\/\/www.sssv.org\/17\/#website","url":"https:\/\/www.sssv.org\/17\/","name":"SSSV","description":"S\u00fcdtiroler Sportsch\u00fctzenverband","potentialAction":[{"@type":"SearchAction","target":{"@type":"EntryPoint","urlTemplate":"https:\/\/www.sssv.org\/17\/?s={search_term_string}"},"query-input":"required name=search_term_string"}],"inLanguage":"de"},{"@type":"ImageObject","@id":"https:\/\/www.sssv.org\/17\/vss\/#primaryimage","inLanguage":"de","url":"https:\/\/www.sssv.org\/17\/wp-content\/uploads\/2022\/10\/Gruener-Kilian-L-J-L.jpg","contentUrl":"https:\/\/www.sssv.org\/17\/wp-content\/uploads\/2022\/10\/Gruener-Kilian-L-J-L.jpg","width":392,"height":536},{"@type":"WebPage","@id":"https:\/\/www.sssv.org\/17\/vss\/#webpage","url":"https:\/\/www.sssv.org\/17\/vss\/","name":"VSS - SSSV","isPartOf":{"@id":"https:\/\/www.sssv.org\/17\/#website"},"primaryImageOfPage":{"@id":"https:\/\/www.sssv.org\/17\/vss\/#primaryimage"},"datePublished":"2017-03-20T21:54:58+00:00","dateModified":"2024-03-03T10:34:40+00:00","breadcrumb":{"@id":"https:\/\/www.sssv.org\/17\/vss\/#breadcrumb"},"inLanguage":"de","potentialAction":[{"@type":"ReadAction","target":["https:\/\/www.sssv.org\/17\/vss\/"]}]},{"@type":"BreadcrumbList","@id":"https:\/\/www.sssv.org\/17\/vss\/#breadcrumb","itemListElement":[{"@type":"ListItem","position":1,"name":"Startseite","item":"https:\/\/www.sssv.org\/17\/"},{"@type":"ListItem","position":2,"name":"VSS"}]}]}},"_links":{"self":[{"href":"https:\/\/www.sssv.org\/17\/wp-json\/wp\/v2\/pages\/485"}],"collection":[{"href":"https:\/\/www.sssv.org\/17\/wp-json\/wp\/v2\/pages"}],"about":[{"href":"https:\/\/www.sssv.org\/17\/wp-json\/wp\/v2\/types\/page"}],"author":[{"embeddable":true,"href":"https:\/\/www.sssv.org\/17\/wp-json\/wp\/v2\/users\/1"}],"replies":[{"embeddable":true,"href":"https:\/\/www.sssv.org\/17\/wp-json\/wp\/v2\/comments?post=485"}],"version-history":[{"count":22,"href":"https:\/\/www.sssv.org\/17\/wp-json\/wp\/v2\/pages\/485\/revisions"}],"predecessor-version":[{"id":4895,"href":"https:\/\/www.sssv.org\/17\/wp-json\/wp\/v2\/pages\/485\/revisions\/4895"}],"wp:attachment":[{"href":"https:\/\/www.sssv.org\/17\/wp-json\/wp\/v2\/media?parent=485"}],"curies":[{"name":"wp","href":"https:\/\/api.w.org\/{rel}","templated":true}]}}