{"id":475,"date":"2017-03-20T22:23:53","date_gmt":"2017-03-20T21:23:53","guid":{"rendered":"http:\/\/www2.sssv.org\/17\/?page_id=475"},"modified":"2025-09-24T16:17:22","modified_gmt":"2025-09-24T14:17:22","slug":"vinschgau","status":"publish","type":"page","link":"https:\/\/www.sssv.org\/17\/vinschgau\/","title":{"rendered":"VINSCHGAU"},"content":{"rendered":"<p>[vc_row][vc_column width=&#8220;2\/3&#8243;][vc_column_text]<\/p>\n<h1>BEZIRK\u00a0VINSCHGAU<\/h1>\n<p>[\/vc_column_text][vc_separator color=&#8220;custom&#8220; border_width=&#8220;5&#8243; accent_color=&#8220;#fb0102&#8243;][vc_column_text]<\/p>\n<h2><span style=\"color: #000000;\"><strong><a style=\"color: #000000;\" href=\"mailto:valentin.g@alice.it\">Valentin Gr\u00fcner<\/a><\/strong><\/span><\/h2>\n<p><span style=\"color: #000000;\"><strong>Bezirksobersch\u00fctzenmeister<\/strong><\/span><br \/>\n<span style=\"color: #000000;\">39020 Schnals\u00a0\u2013 Unser Frau 104 \u2013\u00a0Tel. 339\/6918507<\/span>[\/vc_column_text][vc_single_image image=&#8220;4067&#8243; img_size=&#8220;300x400px&#8220;][vc_separator color=&#8220;custom&#8220; border_width=&#8220;5&#8243; accent_color=&#8220;#fb0102&#8243;][vc_column_text]<strong>1. Bezirkssch\u00fctzenmeister:<\/strong>\u00a0Heinz Unterholzer<\/p>\n<p>39028 Schlanders \u2013\u00a0Dr.-Karl-Tinzl-Stra\u00dfe Nr.1<\/p>\n<p>Tel. 0473\/730147 \u2013 Handy:330\/457908<\/p>\n<p><strong>2. Bezirkssch\u00fctzenmeister<\/strong>:\u00a0<span style=\"color: #000000;\"><a style=\"color: #000000;\" href=\"mailto:mueller.aurelia@rolmail.net\">Kurt Platzgummer<br \/>\n<\/a><\/span>39020 Goldrain \u2013\u00a0Tisserweg 15<br \/>\nTel.\/Fax: 0473\/742273<\/p>\n<p style=\"text-align: left;\" align=\"center\"><span style=\"color: #000000;\"><strong>Beir\u00e4te:<\/strong> \u00a0\u00a0\u00a0 Kilian Gr\u00fcner, Stefan Holzknecht und Max Eberh\u00f6fer<\/span><\/p>\n<p style=\"text-align: left;\"><span style=\"color: #000000;\"><strong>Sekret\u00e4r:\u00a0\u00a0\u00a0<\/strong>Kilian Gr\u00fcner<\/span><\/p>\n<p style=\"text-align: left;\"><span style=\"color: #000000;\"><strong>Kassier:<\/strong>\u00a0\u00a0\u00a0 <a style=\"color: #000000;\" href=\"mailto:tecnica@gmx.net\" target=\"_blank\" rel=\"noopener noreferrer\">\u00a0Heinz Unterholzer<\/a><\/span><\/p>\n<p style=\"text-align: left;\"><span style=\"color: #000000;\"><strong>Schie\u00dfsportleiter Sport: <\/strong>\u00a0zu ernennen<\/span><\/p>\n<p><span style=\"color: #000000;\"><strong>Schie\u00dfsportleiter Freischie\u00dfen:\u00a0<\/strong><a style=\"color: #000000;\" href=\"mailto:mueller.aurelia@rolmail.net\">Kurt Platzgummer<br \/>\n<\/a>39020 Goldrain \u2013\u00a0Tisserweg 15<\/span><br \/>\n<span style=\"color: #000000;\">Tel.\/Fax: 0473\/742273<\/span><\/p>\n<p style=\"text-align: left;\" align=\"center\"><span style=\"color: #000000;\"><strong>Jugendleiter:<\/strong>\u00a0<a style=\"color: #000000;\" href=\"mailto:kilian09@hotmail.de\">Kilian Gr\u00fcner<\/a><\/span><br \/>\n<span style=\"color: #000000;\">39020 Schnals \u2013\u00a0Unser Frau 104<\/span><br \/>\n<span style=\"color: #000000;\">Tel. 331\/2918750<\/span><\/p>\n<p>[\/vc_column_text][vc_separator color=&#8220;custom&#8220; border_width=&#8220;5&#8243; accent_color=&#8220;#e29754&#8243;][vc_column_text]<\/p>\n<table width=\"600\">\n<tbody>\n<tr style=\"height: 104px;\">\n<td style=\"height: 104px;\" width=\"228\"><span style=\"font-size: 8pt; color: #000000;\"><strong><a style=\"color: #000000;\" href=\"https:\/\/www.gildeschlanders.com\/\">Sektion Schlanders\/Kortsch<\/a><\/strong><\/span><\/td>\n<td style=\"height: 104px;\" width=\"356\"><span style=\"color: #000000;\"><strong>Obersch\u00fctzenmeister<\/strong> Tappeiner August<\/span><br \/>\n<span style=\"color: #000000;\">39028 Schlanders \u2013\u00a0Holzbruggweg Nr.11<\/span><br \/>\n<span style=\"color: #000000;\">Tel. 0473\/621219 \u2013 Handy: 335\/5262121<\/span><br \/>\n<span style=\"color: #000000;\">Mail:\u00a0<a style=\"color: #000000;\" href=\"mailto:tappeiner.g@alice.it\">tappeiner.g@alice.it<\/a><\/span><\/td>\n<\/tr>\n<tr style=\"height: 104px;\">\n<td style=\"height: 104px;\" width=\"228\"><span style=\"font-size: 8pt; color: #000000;\"><strong><a style=\"color: #000000;\" href=\"https:\/\/www.goldrain.it\/\">Sektion Goldrain<\/a><\/strong><\/span><\/td>\n<td style=\"height: 104px;\" width=\"356\"><span style=\"color: #000000;\"><strong>Obersch\u00fctzenmeister<\/strong>\u00a0Platzgummer Kurt<\/span><br \/>\n<span style=\"color: #000000;\">39020 Goldrain \u2013\u00a0Tisserweg Nr.15<\/span><br \/>\n<span style=\"color: #000000;\">Tel.\/Fax: 0473\/742273 \u2013 Handy: 335\/7709010<\/span><br \/>\n<span style=\"color: #000000;\">Mail:\u00a0<a style=\"color: #000000;\" href=\"mailto:platzgummer.kurt@rolmail.net\">platzgummer.kurt@rolmail.net<\/a><\/span><\/td>\n<\/tr>\n<tr style=\"height: 104px;\">\n<td style=\"height: 104px;\" width=\"228\"><span style=\"font-size: 8pt; color: #000000;\"><strong><a style=\"color: #000000;\" href=\"mailto:anton.bauer@teletu.it\">Sektion Naturns<\/a><\/strong><\/span><\/td>\n<td style=\"height: 104px;\" width=\"356\"><span style=\"color: #000000;\"><strong>Obersch\u00fctzenmeister<\/strong> Adelbert Nischler<\/span><br \/>\n<span style=\"color: #000000;\">39025 Naturns \u2013 St. Ursulastr.26<br \/>\n<\/span><span style=\"color: #000000;\">Tel. 333 328 6185<\/span><br \/>\n<span style=\"color: #000000;\">Mail: adelbert.nischler@gmail.com<\/span><\/td>\n<\/tr>\n<tr style=\"height: 130px;\">\n<td style=\"height: 130px;\" width=\"228\"><span style=\"font-size: 8pt; color: #000000;\"><strong>Gilde Kastelbell\/Tschars<\/strong><\/span><\/td>\n<td style=\"height: 130px;\" width=\"356\"><span style=\"color: #000000;\"><strong>Obersch\u00fctzenmeister<\/strong> Tragust Thomas <\/span><span style=\"color: #000000;\">Kastelbell\/Tschars <\/span><span style=\"color: #000000;\">Kirchgasse 4<\/span><br \/>\n<span style=\"color: #000000;\">Tel. Handy: 339 388 9082<\/span><br \/>\n<span style=\"color: #000000;\">Mail: thomas.tragust@outlook.com<\/span><\/td>\n<\/tr>\n<tr style=\"height: 104px;\">\n<td style=\"height: 104px;\" width=\"228\"><span style=\"color: #000000; font-size: 8pt;\"><strong>Sektion Schnals<\/strong><\/span><\/td>\n<td style=\"height: 104px;\" width=\"356\"><span style=\"color: #000000;\"><strong>Obersch\u00fctzenmeister<\/strong> Valentin Gr\u00fcner<\/span><br \/>\n<span style=\"color: #000000;\">39020 Schnals \u2013\u00a0Unser Frau 104<\/span><br \/>\n<span style=\"color: #000000;\">Tel. 339\u00a0 691 85 07<\/span><br \/>\n<span style=\"color: #000000;\">Mail: <a style=\"color: #000000;\" href=\"mailto:valentin.g@alice.it\">valentin.g@alice.it<\/a><\/span><\/td>\n<\/tr>\n<tr style=\"height: 104px;\">\n<td style=\"height: 104px;\" width=\"228\"><span style=\"font-size: 8pt; color: #000000;\"><strong>Gilde Schluderns<\/strong><\/span><\/td>\n<td style=\"height: 104px;\" width=\"356\"><span style=\"color: #000000;\"><strong>Obersch\u00fctzenmeister<\/strong> Stampfer Rudi<\/span><br \/>\n<span style=\"color: #000000;\">39020 Schluderns \u2013\u00a0Glurnserstra\u00dfe Nr.4<\/span><br \/>\n<span style=\"color: #000000;\">Tel. 0473\/615038 \u2013\u00a0Handy: 334\/3887812<\/span><br \/>\n<span style=\"color: #000000;\">Mail:\u00a0<a style=\"color: #000000;\" href=\"mailto:sportschuetzen.schluderns@gmx.net\">sportschuetzen.schluderns@gmx.net<\/a><\/span><\/td>\n<\/tr>\n<tr style=\"height: 104px;\">\n<td style=\"height: 104px;\" width=\"228\"><span style=\"color: #000000;\"><span style=\"font-size: 8pt;\"><strong>Sektion Laas<\/strong><\/span><strong><br \/>\n<\/strong><\/span><\/td>\n<td style=\"height: 104px;\" width=\"356\"><span style=\"color: #000000;\"><strong>Obersch\u00fctzenmeister<\/strong> Anton Perfler<\/span><br \/>\n<span style=\"color: #000000;\">39023 Laas \u2013\u00a0Feliusstra\u00dfe 68<\/span><br \/>\n<span style=\"color: #000000;\">Tel. 0473\/628782 \u2013 Handy: 345\/5394456<\/span><br \/>\n<span style=\"color: #000000;\">Mail:\u00a0<a style=\"color: #000000;\" href=\"mailto:ssg.laas@outlook.com\">ssg.laas@outlook.com<\/a><\/span><\/td>\n<\/tr>\n<tr style=\"height: 104px;\">\n<td style=\"height: 104px;\" width=\"228\"><span style=\"font-size: 8pt; color: #000000;\"><strong>Gilde Eyrs<\/strong><\/span><\/td>\n<td style=\"height: 104px;\" width=\"356\"><span style=\"color: #000000;\"><strong>Obersch\u00fctzenmeister<\/strong> Mario Burgo<\/span><br \/>\n<span style=\"color: #000000;\">39020 Eyrs \u2013\u00a0Winkelweg 5\/a<\/span><br \/>\n<span style=\"color: #000000;\">Tel.\u00a0 331\/1733514 \u2013 Fax: 0473\/739935<\/span><br \/>\n<span style=\"color: #000000;\">Mail:\u00a0<a style=\"color: #000000;\" href=\"mailto:burgo.mario@alice.it\">burgo.mario@alice.it<\/a><\/span><\/td>\n<\/tr>\n<tr style=\"height: 104px;\">\n<td style=\"height: 104px;\" width=\"228\"><span style=\"font-size: 8pt; color: #000000;\"><strong>Gilde Prad<\/strong><\/span><\/td>\n<td style=\"height: 104px;\" width=\"356\"><span style=\"color: #000000;\"><strong>Obersch\u00fctzenmeister<\/strong> Wagmeister Helmuth<\/span><br \/>\n<span style=\"color: #000000;\">39026 Prad \u2013\u00a0St. Antonweg Nr.25<\/span><br \/>\n<span style=\"color: #000000;\">Tel. 0473\/616662 \u2013 Handy: 335\/8052355<\/span><br \/>\n<span style=\"color: #000000;\">Mail:\u00a0<a style=\"color: #000000;\" href=\"mailto:helmuth@polyfaser.it\">helmuth@polyfaser.it<\/a><\/span><\/td>\n<\/tr>\n<tr style=\"height: 104px;\">\n<td style=\"height: 104px;\" width=\"228\"><span style=\"font-size: 8pt; color: #000000;\"><strong><a style=\"color: #000000;\" href=\"https:\/\/www.sssv.org\/bezirke\/vinschgau\/infos%20mals.htm\">Sektion\u00a0Mals<\/a><\/strong><\/span><\/td>\n<td style=\"height: 104px;\" width=\"356\"><span style=\"color: #000000;\"><strong>Obersch\u00fctzenmeister<\/strong>\u00a0Elias Winkler<\/span><br \/>\n<span style=\"color: #000000;\">39024 Mals \u2013\u00a0Ortweinstra\u00dfe 20\/11<\/span><br \/>\n<span style=\"color: #000000;\">Tel. 347\/8523590<\/span><br \/>\n<span style=\"color: #000000;\">Mail:\u00a0<a style=\"color: #000000;\" href=\"mailto:sportschuetzen.mals@hotmail.com\">sportschuetzen.mals@hotmail.com<\/a><\/span><\/td>\n<\/tr>\n<tr style=\"height: 104px;\">\n<td style=\"height: 104px;\" width=\"228\"><span style=\"font-size: 8pt; color: #000000;\"><strong>Gilde Tschengls<\/strong><\/span><\/td>\n<td style=\"height: 104px;\" width=\"356\"><span style=\"color: #000000;\"><strong>Obersch\u00fctzenmeister<\/strong> Andreas Schiefer<\/span><br \/>\n<span style=\"color: #000000;\">39023 Laas \u2013 Tschengls<\/span><br \/>\n<span style=\"color: #000000;\">Tel. 347\/0864650<\/span><br \/>\n<span style=\"color: #000000;\">Mail:\u00a0<a style=\"color: #000000;\" href=\"mailto:andi.schiefer@gmx.net\">andi.schiefer@gmx.net<\/a><\/span><\/td>\n<\/tr>\n<\/tbody>\n<\/table>\n<p>[\/vc_column_text][vc_separator color=&#8220;custom&#8220; border_width=&#8220;5&#8243; accent_color=&#8220;#e29754&#8243;][\/vc_column][\/vc_row][vc_row][vc_column][vc_column_text]<\/p>\n<p>[\/vc_column_text][\/vc_column][\/vc_row]<\/p>\n","protected":false},"excerpt":{"rendered":"<p>[vc_row][vc_column width=&#8220;2\/3&#8243;][vc_column_text] BEZIRK\u00a0VINSCHGAU [\/vc_column_text][vc_separator color=&#8220;custom&#8220; border_width=&#8220;5&#8243; accent_color=&#8220;#fb0102&#8243;][vc_column_text] Valentin Gr\u00fcner Bezirksobersch\u00fctzenmeister 39020 Schnals\u00a0\u2013 Unser Frau 104 \u2013\u00a0Tel. 339\/6918507[\/vc_column_text][vc_single_image image=&#8220;4067&#8243; img_size=&#8220;300x400px&#8220;][vc_separator color=&#8220;custom&#8220; border_width=&#8220;5&#8243; accent_color=&#8220;#fb0102&#8243;][vc_column_text]1. Bezirkssch\u00fctzenmeister:\u00a0Heinz Unterholzer 39028 Schlanders \u2013\u00a0Dr.-Karl-Tinzl-Stra\u00dfe Nr.1 Tel. 0473\/730147 \u2013 Handy:330\/457908 2. Bezirkssch\u00fctzenmeister:\u00a0Kurt Platzgummer 39020 Goldrain \u2013\u00a0Tisserweg 15 Tel.\/Fax: 0473\/742273 Beir\u00e4te: \u00a0\u00a0\u00a0 Kilian Gr\u00fcner, Stefan Holzknecht und Max Eberh\u00f6fer Sekret\u00e4r:\u00a0\u00a0\u00a0Kilian Gr\u00fcner Kassier:\u00a0\u00a0\u00a0 \u00a0Heinz Unterholzer [&hellip;]<\/p>\n","protected":false},"author":1,"featured_media":0,"parent":0,"menu_order":0,"comment_status":"closed","ping_status":"closed","template":"","meta":[],"yoast_head":"<!-- This site is optimized with the Yoast SEO plugin v17.8 - https:\/\/yoast.com\/wordpress\/plugins\/seo\/ -->\n<meta name=\"robots\" content=\"index, follow, max-snippet:-1, max-image-preview:large, max-video-preview:-1\" \/>\n<link rel=\"canonical\" href=\"https:\/\/www.sssv.org\/17\/vinschgau\/\" \/>\n<meta property=\"og:locale\" content=\"de_DE\" \/>\n<meta property=\"og:type\" content=\"article\" \/>\n<meta property=\"og:title\" content=\"VINSCHGAU - SSSV\" \/>\n<meta property=\"og:description\" content=\"[vc_row][vc_column width=&#8220;2\/3&#8243;][vc_column_text] BEZIRK\u00a0VINSCHGAU [\/vc_column_text][vc_separator color=&#8220;custom&#8220; border_width=&#8220;5&#8243; accent_color=&#8220;#fb0102&#8243;][vc_column_text] Valentin Gr\u00fcner Bezirksobersch\u00fctzenmeister 39020 Schnals\u00a0\u2013 Unser Frau 104 \u2013\u00a0Tel. 339\/6918507[\/vc_column_text][vc_single_image image=&#8220;4067&#8243; img_size=&#8220;300x400px&#8220;][vc_separator color=&#8220;custom&#8220; border_width=&#8220;5&#8243; accent_color=&#8220;#fb0102&#8243;][vc_column_text]1. Bezirkssch\u00fctzenmeister:\u00a0Heinz Unterholzer 39028 Schlanders \u2013\u00a0Dr.-Karl-Tinzl-Stra\u00dfe Nr.1 Tel. 0473\/730147 \u2013 Handy:330\/457908 2. Bezirkssch\u00fctzenmeister:\u00a0Kurt Platzgummer 39020 Goldrain \u2013\u00a0Tisserweg 15 Tel.\/Fax: 0473\/742273 Beir\u00e4te: \u00a0\u00a0\u00a0 Kilian Gr\u00fcner, Stefan Holzknecht und Max Eberh\u00f6fer Sekret\u00e4r:\u00a0\u00a0\u00a0Kilian Gr\u00fcner Kassier:\u00a0\u00a0\u00a0 \u00a0Heinz Unterholzer [&hellip;]\" \/>\n<meta property=\"og:url\" content=\"https:\/\/www.sssv.org\/17\/vinschgau\/\" \/>\n<meta property=\"og:site_name\" content=\"SSSV\" \/>\n<meta property=\"article:modified_time\" content=\"2025-09-24T14:17:22+00:00\" \/>\n<meta name=\"twitter:card\" content=\"summary_large_image\" \/>\n<meta name=\"twitter:label1\" content=\"Gesch\u00e4tzte Lesezeit\" \/>\n\t<meta name=\"twitter:data1\" content=\"2\u00a0Minuten\" \/>\n<script type=\"application\/ld+json\" class=\"yoast-schema-graph\">{\"@context\":\"https:\/\/schema.org\",\"@graph\":[{\"@type\":\"WebSite\",\"@id\":\"https:\/\/www.sssv.org\/17\/#website\",\"url\":\"https:\/\/www.sssv.org\/17\/\",\"name\":\"SSSV\",\"description\":\"S\\u00fcdtiroler Sportsch\\u00fctzenverband\",\"potentialAction\":[{\"@type\":\"SearchAction\",\"target\":{\"@type\":\"EntryPoint\",\"urlTemplate\":\"https:\/\/www.sssv.org\/17\/?s={search_term_string}\"},\"query-input\":\"required name=search_term_string\"}],\"inLanguage\":\"de\"},{\"@type\":\"WebPage\",\"@id\":\"https:\/\/www.sssv.org\/17\/vinschgau\/#webpage\",\"url\":\"https:\/\/www.sssv.org\/17\/vinschgau\/\",\"name\":\"VINSCHGAU - SSSV\",\"isPartOf\":{\"@id\":\"https:\/\/www.sssv.org\/17\/#website\"},\"datePublished\":\"2017-03-20T21:23:53+00:00\",\"dateModified\":\"2025-09-24T14:17:22+00:00\",\"breadcrumb\":{\"@id\":\"https:\/\/www.sssv.org\/17\/vinschgau\/#breadcrumb\"},\"inLanguage\":\"de\",\"potentialAction\":[{\"@type\":\"ReadAction\",\"target\":[\"https:\/\/www.sssv.org\/17\/vinschgau\/\"]}]},{\"@type\":\"BreadcrumbList\",\"@id\":\"https:\/\/www.sssv.org\/17\/vinschgau\/#breadcrumb\",\"itemListElement\":[{\"@type\":\"ListItem\",\"position\":1,\"name\":\"Startseite\",\"item\":\"https:\/\/www.sssv.org\/17\/\"},{\"@type\":\"ListItem\",\"position\":2,\"name\":\"VINSCHGAU\"}]}]}<\/script>\n<!-- \/ Yoast SEO plugin. -->","yoast_head_json":{"robots":{"index":"index","follow":"follow","max-snippet":"max-snippet:-1","max-image-preview":"max-image-preview:large","max-video-preview":"max-video-preview:-1"},"canonical":"https:\/\/www.sssv.org\/17\/vinschgau\/","og_locale":"de_DE","og_type":"article","og_title":"VINSCHGAU - SSSV","og_description":"[vc_row][vc_column width=&#8220;2\/3&#8243;][vc_column_text] BEZIRK\u00a0VINSCHGAU [\/vc_column_text][vc_separator color=&#8220;custom&#8220; border_width=&#8220;5&#8243; accent_color=&#8220;#fb0102&#8243;][vc_column_text] Valentin Gr\u00fcner Bezirksobersch\u00fctzenmeister 39020 Schnals\u00a0\u2013 Unser Frau 104 \u2013\u00a0Tel. 339\/6918507[\/vc_column_text][vc_single_image image=&#8220;4067&#8243; img_size=&#8220;300x400px&#8220;][vc_separator color=&#8220;custom&#8220; border_width=&#8220;5&#8243; accent_color=&#8220;#fb0102&#8243;][vc_column_text]1. Bezirkssch\u00fctzenmeister:\u00a0Heinz Unterholzer 39028 Schlanders \u2013\u00a0Dr.-Karl-Tinzl-Stra\u00dfe Nr.1 Tel. 0473\/730147 \u2013 Handy:330\/457908 2. Bezirkssch\u00fctzenmeister:\u00a0Kurt Platzgummer 39020 Goldrain \u2013\u00a0Tisserweg 15 Tel.\/Fax: 0473\/742273 Beir\u00e4te: \u00a0\u00a0\u00a0 Kilian Gr\u00fcner, Stefan Holzknecht und Max Eberh\u00f6fer Sekret\u00e4r:\u00a0\u00a0\u00a0Kilian Gr\u00fcner Kassier:\u00a0\u00a0\u00a0 \u00a0Heinz Unterholzer [&hellip;]","og_url":"https:\/\/www.sssv.org\/17\/vinschgau\/","og_site_name":"SSSV","article_modified_time":"2025-09-24T14:17:22+00:00","twitter_card":"summary_large_image","twitter_misc":{"Gesch\u00e4tzte Lesezeit":"2\u00a0Minuten"},"schema":{"@context":"https:\/\/schema.org","@graph":[{"@type":"WebSite","@id":"https:\/\/www.sssv.org\/17\/#website","url":"https:\/\/www.sssv.org\/17\/","name":"SSSV","description":"S\u00fcdtiroler Sportsch\u00fctzenverband","potentialAction":[{"@type":"SearchAction","target":{"@type":"EntryPoint","urlTemplate":"https:\/\/www.sssv.org\/17\/?s={search_term_string}"},"query-input":"required name=search_term_string"}],"inLanguage":"de"},{"@type":"WebPage","@id":"https:\/\/www.sssv.org\/17\/vinschgau\/#webpage","url":"https:\/\/www.sssv.org\/17\/vinschgau\/","name":"VINSCHGAU - SSSV","isPartOf":{"@id":"https:\/\/www.sssv.org\/17\/#website"},"datePublished":"2017-03-20T21:23:53+00:00","dateModified":"2025-09-24T14:17:22+00:00","breadcrumb":{"@id":"https:\/\/www.sssv.org\/17\/vinschgau\/#breadcrumb"},"inLanguage":"de","potentialAction":[{"@type":"ReadAction","target":["https:\/\/www.sssv.org\/17\/vinschgau\/"]}]},{"@type":"BreadcrumbList","@id":"https:\/\/www.sssv.org\/17\/vinschgau\/#breadcrumb","itemListElement":[{"@type":"ListItem","position":1,"name":"Startseite","item":"https:\/\/www.sssv.org\/17\/"},{"@type":"ListItem","position":2,"name":"VINSCHGAU"}]}]}},"_links":{"self":[{"href":"https:\/\/www.sssv.org\/17\/wp-json\/wp\/v2\/pages\/475"}],"collection":[{"href":"https:\/\/www.sssv.org\/17\/wp-json\/wp\/v2\/pages"}],"about":[{"href":"https:\/\/www.sssv.org\/17\/wp-json\/wp\/v2\/types\/page"}],"author":[{"embeddable":true,"href":"https:\/\/www.sssv.org\/17\/wp-json\/wp\/v2\/users\/1"}],"replies":[{"embeddable":true,"href":"https:\/\/www.sssv.org\/17\/wp-json\/wp\/v2\/comments?post=475"}],"version-history":[{"count":29,"href":"https:\/\/www.sssv.org\/17\/wp-json\/wp\/v2\/pages\/475\/revisions"}],"predecessor-version":[{"id":5541,"href":"https:\/\/www.sssv.org\/17\/wp-json\/wp\/v2\/pages\/475\/revisions\/5541"}],"wp:attachment":[{"href":"https:\/\/www.sssv.org\/17\/wp-json\/wp\/v2\/media?parent=475"}],"curies":[{"name":"wp","href":"https:\/\/api.w.org\/{rel}","templated":true}]}}