{"id":2,"date":"2026-04-17T19:00:29","date_gmt":"2026-04-17T17:00:29","guid":{"rendered":"http:\/\/www2.sssv.org\/17\/?page_id=2"},"modified":"2026-04-18T17:26:18","modified_gmt":"2026-04-18T15:26:18","slug":"verband","status":"publish","type":"page","link":"https:\/\/www.sssv.org\/17\/verband\/","title":{"rendered":"VERBAND"},"content":{"rendered":"<p>[vc_row][vc_column][vc_column_text]<\/p>\n<h1><strong>VERBAND<\/strong><\/h1>\n<p>[\/vc_column_text][\/vc_column][\/vc_row][vc_row][vc_column][vc_separator color=&#8220;custom&#8220; accent_color=&#8220;#e29754&#8243;][\/vc_column][\/vc_row][vc_row][vc_column width=&#8220;1\/2&#8243;][vc_column_text]<span style=\"font-size: 8pt;\"><em><strong>Landesobersch\u00fctzenmeister:<\/strong><\/em><\/span><br \/>\n<span style=\"color: #000000;\"><strong>Markus Passler<\/strong><\/span>[\/vc_column_text][vc_single_image image=&#8220;1071&#8243; img_size=&#8220;200x300px&#8220;][\/vc_column][vc_column width=&#8220;1\/2&#8243;][vc_column_text]<span style=\"font-size: 8pt;\"><em><strong>Landesoberstsch\u00fctzenmeister:<\/strong><\/em><\/span><br \/>\n<strong>Dr. Arno Kompatscher<\/strong>[\/vc_column_text][vc_single_image image=&#8220;410&#8243; img_size=&#8220;200x300px&#8220;][\/vc_column][\/vc_row][vc_row][vc_column][vc_separator color=&#8220;custom&#8220; accent_color=&#8220;#e29754&#8243;][\/vc_column][\/vc_row][vc_row][vc_column width=&#8220;1\/2&#8243;][vc_column_text]<span style=\"font-size: 8pt;\"><em><strong>1. Landessch\u00fctzenmeister:<\/strong><\/em><\/span><br \/>\n<strong>Nikolaus Weger<br \/>\n<\/strong>[\/vc_column_text][vc_single_image image=&#8220;5420&#8243; img_size=&#8220;200x300px&#8220;][\/vc_column][vc_column width=&#8220;1\/2&#8243;][vc_column_text]<span style=\"font-size: 8pt;\"><em><strong>2. Landessch\u00fctzenmeister:<\/strong><\/em><\/span><br \/>\n<strong>Wolfgang Dissertori<\/strong>[\/vc_column_text][vc_single_image image=&#8220;5416&#8243; img_size=&#8220;200x300px&#8220;][\/vc_column][\/vc_row][vc_row][vc_column][vc_separator color=&#8220;custom&#8220; accent_color=&#8220;#e29754&#8243;][\/vc_column][\/vc_row][vc_row][vc_column width=&#8220;1\/2&#8243;][vc_column_text]<span style=\"font-size: 8pt;\"><em><strong>Ehrenlandesoberstsch\u00fctzenmeister:<\/strong><\/em><\/span><br \/>\n<strong>Dr. Luis Durnwalder<\/strong>[\/vc_column_text][vc_single_image image=&#8220;409&#8243; img_size=&#8220;200x300px&#8220;][\/vc_column][vc_column width=&#8220;1\/2&#8243;][vc_column_text]<span style=\"font-size: 8pt;\"><em><strong>Ehrenlandesobersch\u00fctzenmeister:<\/strong><\/em><\/span><br \/>\n<span style=\"color: #000000;\"><strong>Karl Gasser\u00a0\u00a0\u00a0\u00a0 August Tappeiner<br \/>\n<\/strong><\/span><\/p>\n<p>[\/vc_column_text][vc_single_image image=&#8220;392&#8243; img_size=&#8220;200x300px&#8220;][vc_single_image image=&#8220;1076&#8243; img_size=&#8220;200x300px&#8220;][\/vc_column][\/vc_row][vc_row][vc_column][vc_separator color=&#8220;custom&#8220; accent_color=&#8220;#e29754&#8243;][vc_column_text]<\/p>\n<table class=\" aligncenter\" style=\"height: 237px; width: 92.665894%;\" border=\"0\" cellspacing=\"1\">\n<tbody>\n<tr style=\"height: 10px;\">\n<td style=\"width: 620.8px; height: 10px;\" colspan=\"2\"><strong>Ehrenmitglieder:<\/strong><strong><span style=\"color: #000000;\"><br \/>\n<\/span><\/strong><\/td>\n<\/tr>\n<tr style=\"height: 10px;\">\n<td style=\"width: 383.183px; height: 10px;\"><span style=\"color: #000000;\"><strong>Anton Bauer <\/strong><\/span><\/td>\n<td style=\"width: 219.017px; height: 10px;\"><span style=\"color: #000000;\">Naturns<\/span><\/td>\n<\/tr>\n<tr style=\"height: 22px;\">\n<td style=\"width: 383.183px; height: 10px;\"><span style=\"color: #000000;\"><strong>Oswald Dissertori \u00a0 <\/strong><\/span><\/td>\n<td style=\"width: 219.017px; height: 10px;\">Tramin<\/td>\n<\/tr>\n<tr style=\"height: 26px;\">\n<td style=\"width: 383.183px; height: 18px;\"><span style=\"color: #000000;\"><strong>J\u00f6rgl Kostner \u00a0<\/strong><\/span><\/td>\n<td style=\"width: 219.017px; height: 18px;\">St. Vigil<\/td>\n<\/tr>\n<tr style=\"height: 23px;\">\n<td style=\"height: 10px; width: 383.183px;\"><strong>Dr. Ing. Ernfried Obrist\u00a0<\/strong><\/td>\n<td style=\"height: 10px; width: 219.017px;\" align=\"center\">Kaltern<\/td>\n<\/tr>\n<tr style=\"height: 28px;\">\n<td style=\"height: 28px; width: 383.183px;\"><strong>Marie Luise von Wohlgemuth<\/strong><\/td>\n<td style=\"height: 28px; width: 219.017px;\" align=\"center\">Kaltern<\/td>\n<\/tr>\n<tr style=\"height: 28px;\">\n<td style=\"height: 28px; width: 383.183px;\"><strong>Erich Walter <\/strong><\/td>\n<td style=\"height: 28px; width: 219.017px;\" align=\"center\">Neumarkt<\/td>\n<\/tr>\n<\/tbody>\n<\/table>\n<p>&nbsp;<\/p>\n<table class=\" aligncenter\" style=\"height: 171px; width: 92.954124%;\" border=\"0\" cellspacing=\"1\">\n<tbody>\n<tr style=\"height: 10px;\">\n<td style=\"width: 620.8px; height: 10px;\" colspan=\"2\"><strong><span style=\"color: #000000;\">Verstorbene Ehrenmitglieder:<\/span><\/strong><\/td>\n<\/tr>\n<tr style=\"height: 10px;\">\n<td style=\"width: 383.183px; height: 10px;\"><strong>Walter Thomaser<\/strong><\/td>\n<td style=\"width: 219.017px; height: 10px;\">Bruneck<\/td>\n<\/tr>\n<tr style=\"height: 22px;\">\n<td style=\"width: 383.183px; height: 10px;\"><strong>Heinz Lutteri<\/strong><\/td>\n<td style=\"width: 219.017px; height: 10px;\">Brixen<\/td>\n<\/tr>\n<tr style=\"height: 26px;\">\n<td style=\"width: 383.183px; height: 18px;\"><span style=\"color: #000000;\"><strong>Anselm Francescini <\/strong><\/span><\/td>\n<td style=\"width: 219.017px; height: 18px;\">Eppan<\/td>\n<\/tr>\n<tr style=\"height: 23px;\">\n<td style=\"height: 10px; width: 383.183px;\"><strong>Hans Gibitz <\/strong><\/td>\n<td style=\"height: 10px; width: 219.017px;\" align=\"center\">Deutschnofen<\/td>\n<\/tr>\n<\/tbody>\n<\/table>\n<p>[\/vc_column_text][\/vc_column][\/vc_row][vc_row][vc_column][vc_column_text]<\/p>\n<table class=\" aligncenter\" style=\"height: 427px; width: 95.836423%;\" border=\"0\" cellspacing=\"1\">\n<tbody>\n<tr style=\"height: 10px;\">\n<td style=\"width: 620.8px; height: 10px;\" colspan=\"2\"><strong>Verbandsleitung:<\/strong><strong><span style=\"color: #000000;\"><br \/>\n<\/span><\/strong><\/td>\n<\/tr>\n<tr style=\"height: 10px;\">\n<td style=\"width: 383.183px; height: 10px;\"><strong>Landesobersch\u00fctzenmeister:<\/strong><span style=\"color: #000000;\"><strong><br \/>\n<\/strong><\/span><\/td>\n<td style=\"width: 219.017px; height: 10px;\"><span style=\"color: #000000;\">Markus Passler<br \/>\n<\/span><\/td>\n<\/tr>\n<tr style=\"height: 22px;\">\n<td style=\"width: 383.183px; height: 10px;\"><span style=\"color: #000000;\"><strong>1. Landessch\u00fctzenmeister<br \/>\n<\/strong><\/span><\/td>\n<td style=\"width: 219.017px; height: 10px;\">Nikolaus Weger<\/td>\n<\/tr>\n<tr style=\"height: 26px;\">\n<td style=\"width: 383.183px; height: 18px;\"><span style=\"color: #000000;\"><strong>2. Landessch\u00fctzenmeister<br \/>\n<\/strong><\/span><\/td>\n<td style=\"width: 219.017px; height: 18px;\">Wolfgang Dissertori<\/td>\n<\/tr>\n<tr style=\"height: 23px;\">\n<td style=\"height: 10px; width: 383.183px;\"><span style=\"color: #000000;\"><strong>OSM Bezirk Vinschgau:<\/strong><\/span><\/td>\n<td style=\"height: 10px; width: 219.017px;\" align=\"center\"><span style=\"color: #000000;\"><a style=\"color: #000000;\" href=\"mailto:valentin.g@alice.it\">Valentin Gr\u00fcner<\/a><\/span><\/td>\n<\/tr>\n<tr style=\"height: 28px;\">\n<td style=\"height: 28px; width: 383.183px;\"><span style=\"color: #000000;\"><strong>OSM \u00dcberetsch\/Unterland<\/strong><\/span><\/td>\n<td style=\"height: 28px; width: 219.017px;\" align=\"center\"><span style=\"color: #000000;\"><span style=\"color: #000000;\">Franz Zublasing<\/span><\/span><\/td>\n<\/tr>\n<tr style=\"height: 28px;\">\n<td style=\"height: 28px; width: 383.183px;\"><span style=\"color: #000000;\"><strong>OSM Bezirk Burggrafenamt:<\/strong><\/span><\/td>\n<td style=\"height: 28px; width: 219.017px;\" align=\"center\"><span style=\"color: #000000;\">\u00a0<span style=\"color: #000000;\">Robert Ratschiller<\/span><\/span><\/td>\n<\/tr>\n<tr style=\"height: 28px;\">\n<td style=\"height: 28px; width: 383.183px;\"><span style=\"color: #000000;\"><strong>OSM Eisacktal\/Pustertal<\/strong><\/span><\/td>\n<td style=\"height: 28px; width: 219.017px;\" align=\"center\"><span style=\"color: #000000;\">Konrad Kerschbaumer<\/span><\/td>\n<\/tr>\n<tr style=\"height: 29px;\">\n<td style=\"height: 29px; width: 383.183px;\"><span style=\"color: #000000;\"><strong>OSM Bezirk Bozen:<\/strong><\/span><\/td>\n<td style=\"height: 29px; width: 219.017px;\" align=\"center\"><span style=\"color: #000000;\">Andreas Barbieri<\/span><\/td>\n<\/tr>\n<tr style=\"height: 26px;\">\n<td style=\"height: 26px; width: 383.183px;\"><span style=\"color: #000000;\"><strong>Landesschie\u00dfsportleiterin Sport:<\/strong><\/span><\/td>\n<td style=\"height: 26px; width: 219.017px;\" align=\"center\"><span style=\"color: #000000;\">Edith Gufler<br \/>\n<\/span><\/td>\n<\/tr>\n<tr style=\"height: 25px;\">\n<td style=\"height: 10px; width: 383.183px;\"><span style=\"color: #000000;\"><strong>Landesschie\u00dfsportleiter Tradition:<\/strong><\/span><\/td>\n<td style=\"height: 10px; width: 219.017px;\" align=\"center\"><span style=\"color: #000000;\">Valentin Gr\u00fcner<\/span><\/td>\n<\/tr>\n<tr style=\"height: 18px;\">\n<td style=\"height: 18px; width: 383.183px;\"><span style=\"color: #000000;\"><strong>Landesjugendleiter:<\/strong><\/span><\/td>\n<td style=\"height: 18px; width: 219.017px;\" align=\"center\"><span style=\"color: #000000;\">Kilian Gr\u00fcner<\/span><\/td>\n<\/tr>\n<\/tbody>\n<\/table>\n<p>[\/vc_column_text][\/vc_column][\/vc_row][vc_row][vc_column][vc_column_text]<\/p>\n<table class=\" aligncenter\" style=\"width: 429.028%; height: 208px;\" border=\"0\" cellspacing=\"1\">\n<tbody>\n<tr style=\"height: 26px;\">\n<td style=\"width: 42.9026%; height: 26px;\">&nbsp;<\/p>\n<p>&nbsp;<\/p>\n<p><strong>Schriftf\u00fchrerin:<\/strong><\/td>\n<td style=\"width: 166.379%; height: 26px;\" align=\"center\">&nbsp;<\/p>\n<p>&nbsp;<\/p>\n<p>Weger Oberhofer Christine<\/td>\n<\/tr>\n<tr style=\"height: 26px;\">\n<td style=\"width: 42.9026%; height: 26px;\"><strong>Kassier:<\/strong><\/td>\n<td style=\"width: 166.379%; height: 26px;\" align=\"center\"><span style=\"color: #000000;\"><a style=\"color: #000000;\" href=\"mailto:wolfgang.dissertori@tiscali.it\">Wolfgang Dissertori<\/a><\/span><\/td>\n<\/tr>\n<tr style=\"height: 156px;\">\n<td style=\"width: 42.9026%; height: 156px;\"><strong>Kassarevisoren:<\/strong><\/p>\n<p><strong>Schiedsgericht:<\/strong><\/td>\n<td style=\"width: 166.379%; height: 156px;\" align=\"center\">\n<p align=\"center\">Nikolaus Bregenzer, Alexandra Eberh\u00f6fer, Paul Moranduzzo<\/p>\n<p align=\"center\">Gerlinde Bernhard, Gottfried Leitgeb, Engelbert Zelger<strong><br \/>\n<\/strong><\/p>\n<\/td>\n<\/tr>\n<\/tbody>\n<\/table>\n<hr \/>\n<p align=\"center\"><span style=\"color: #ffffff;\">.<\/span><\/p>\n<p align=\"center\"><img loading=\"lazy\" class=\"alignnone wp-image-2213\" src=\"http:\/\/www2.sssv.org\/17\/wp-content\/uploads\/2019\/01\/logostatuten-226x300.jpg\" alt=\"\" width=\"133\" height=\"177\" srcset=\"https:\/\/www.sssv.org\/17\/wp-content\/uploads\/2019\/01\/logostatuten-226x300.jpg 226w, https:\/\/www.sssv.org\/17\/wp-content\/uploads\/2019\/01\/logostatuten-316x420.jpg 316w, https:\/\/www.sssv.org\/17\/wp-content\/uploads\/2019\/01\/logostatuten.jpg 590w\" sizes=\"(max-width: 133px) 100vw, 133px\" \/>\u00a0 <span style=\"color: #ff0000;\"><a style=\"color: #ff0000;\" href=\"http:\/\/www.sssv.org\/17\/wp-content\/uploads\/2019\/05\/Statuten-S\u00fcdtiroler-Sportsch\u00fctzenverband-2019.pdf\"><span style=\"color: #000000;\"><span style=\"color: #ff0000;\">Statuten S\u00fcdtiroler Sportsch\u00fctzenverband Ausgabe 2019<\/span>\u00a0<\/span><\/a><\/span><\/p>\n<p align=\"center\"><span style=\"color: #ff0000;\"><a style=\"color: #ff0000;\" href=\"https:\/\/www.sssv.org\/17\/wp-content\/uploads\/2024\/04\/Rangabzeichen.pdf\">Rangabzeichen<\/a>\u00a0<span style=\"color: #000000;\"> Gilden \/ Bezirk \/ Verband<\/span><\/span><\/p>\n<p align=\"center\">Ehrungen vergeben von 1979 bis 2026<br \/>\n<span style=\"color: #ff0000;\"><a style=\"color: #ff0000;\" href=\"https:\/\/www.sssv.org\/17\/wp-content\/uploads\/2026\/04\/Ehrungen-Silber-bis-2026.pdf\">Silberne Ehrennadel<\/a>\u00a0 \u00a0<a style=\"color: #ff0000;\" href=\"https:\/\/www.sssv.org\/17\/wp-content\/uploads\/2026\/04\/Ehrungen-Gold-bis-2026.pdf\">Goldene Ehrennadel<\/a>\u00a0 \u00a0<a style=\"color: #ff0000;\" href=\"https:\/\/www.sssv.org\/17\/wp-content\/uploads\/2026\/04\/Ehrungen-grosses-Ehrenabzeichen-bis-2026.pdf\">gro\u00dfes Ehrenabzeichen<\/a>\u00a0 \u00a0 <a style=\"color: #ff0000;\" href=\"https:\/\/www.sssv.org\/17\/wp-content\/uploads\/2026\/04\/Ehrenmitglieder-bis-2026.pdf\">Ehrenmitglieder<\/a><br \/>\n<a style=\"color: #ff0000;\" href=\"https:\/\/www.sssv.org\/17\/wp-content\/uploads\/2026\/04\/Ehrungen-1976-bis-2026.pdf\">Ehrungen gesamt nach Namen<\/a><\/span><\/p>\n<p><span style=\"color: #ff0000;\"><span style=\"color: #000000;\"> Liste \u00f6ffentliche Beitr\u00e4ge:\u00a0<\/span> <a style=\"color: #ff0000;\" href=\"http:\/\/www.sssv.org\/17\/wp-content\/uploads\/2020\/03\/Beitragsliste-2018.pdf\">2018<\/a> \u00a0 <a style=\"color: #ff0000;\" href=\"http:\/\/www.sssv.org\/17\/wp-content\/uploads\/2020\/03\/Beitragsliste-2019.pdf\">2019 \u00a0<\/a><\/span> <a href=\"https:\/\/www.sssv.org\/17\/wp-content\/uploads\/2021\/07\/Beitragsliste-2020-1.pdf\"><span style=\"color: #ff0000;\">2020<\/span><\/a> \u00a0\u00a0<a href=\"https:\/\/www.sssv.org\/17\/wp-content\/uploads\/2022\/06\/Beitragsliste-2021.pdf\"><span style=\"color: #ff0000;\">2021<\/span><\/a> \u00a0 <span style=\"color: #ff0000;\"><a style=\"color: #ff0000;\" href=\"https:\/\/www.sssv.org\/17\/wp-content\/uploads\/2023\/06\/Beitragsliste-2022.pdf\">2022<\/a> \u00a0 <a style=\"color: #ff0000;\" href=\"https:\/\/www.sssv.org\/17\/wp-content\/uploads\/2024\/05\/Beitragsliste-2023.pdf\">2023<\/a> \u00a0 <a style=\"color: #ff0000;\" href=\"https:\/\/www.sssv.org\/17\/wp-content\/uploads\/2025\/06\/Beitragsliste-2024.pdf\">2024<\/a>\u00a0 \u00a0<a href=\"https:\/\/www.sssv.org\/17\/wp-content\/uploads\/2026\/01\/Beitragsliste-2025.pdf\"><span style=\"color: #ff0000;\">2025<\/span><\/a><\/span><\/p>\n<p>[\/vc_column_text][\/vc_column][\/vc_row][vc_row][vc_column width=&#8220;2\/3&#8243;][vc_column_text]<\/p>\n<p style=\"text-align: center;\"><span style=\"color: #000000;\"><strong>Verbandsb\u00fcro:<\/strong><\/span><\/p>\n<p style=\"text-align: center;\">Drususstra\u00dfe 67 \u2013 39100 Bozen\u00a0 \u00a0Tel. 0471\/280093<br \/>\nE-Mail: <span style=\"color: #000000;\"><a style=\"color: #000000;\" href=\"mailto:info@sssv.org\">info@sssv.org<\/a>\u00a0 \u00a0 Pec-Adresse: sssv@pec.it\u00a0<\/span><\/p>\n<p style=\"text-align: center;\" align=\"center\"><span style=\"color: #000000;\"><strong>Schriftf\u00fchrerin \/ Sekret\u00e4rin:<br \/>\n<\/strong><\/span><span style=\"color: #000000;\">Weger Oberhofer Christine<br \/>\nTel. 338 169 76 80<br \/>\n<\/span><\/p>\n<p>[\/vc_column_text][\/vc_column][vc_column width=&#8220;1\/3&#8243;][vc_single_image image=&#8220;5405&#8243; img_size=&#8220;187x262px&#8220;][\/vc_column][\/vc_row][vc_row][vc_column][vc_separator color=&#8220;custom&#8220; accent_color=&#8220;#e29754&#8243;][\/vc_column][\/vc_row][vc_row][vc_column width=&#8220;1\/2&#8243;][vc_column_text]<\/p>\n<h2 style=\"text-align: left;\" align=\"center\"><span style=\"color: #000000;\"><strong>Arbeitsgruppe f\u00fcr sportliches Schie\u00dfen:<\/strong><\/span><\/h2>\n<div style=\"text-align: left;\" align=\"center\"><\/div>\n<div align=\"center\">\n<table border=\"0\" width=\"80%\" cellspacing=\"1\">\n<tbody>\n<tr style=\"height: 50px;\">\n<td style=\"height: 50px;\" width=\"49%\">&nbsp;<\/p>\n<p style=\"text-align: center;\"><span style=\"color: #000000;\"><strong>Landesschie\u00dfsportleiterin<br \/>\n<\/strong><\/span><span style=\"color: #000000;\">Edith Gufler<\/span><\/p>\n<\/td>\n<td style=\"height: 50px;\" align=\"center\" width=\"51%\"><img loading=\"lazy\" class=\"alignnone wp-image-5898\" src=\"https:\/\/www.sssv.org\/17\/wp-content\/uploads\/2026\/04\/Gufler-Edith-2026-259x300.jpg\" alt=\"\" width=\"161\" height=\"186\" srcset=\"https:\/\/www.sssv.org\/17\/wp-content\/uploads\/2026\/04\/Gufler-Edith-2026-259x300.jpg 259w, https:\/\/www.sssv.org\/17\/wp-content\/uploads\/2026\/04\/Gufler-Edith-2026-362x420.jpg 362w, https:\/\/www.sssv.org\/17\/wp-content\/uploads\/2026\/04\/Gufler-Edith-2026.jpg 446w\" sizes=\"(max-width: 161px) 100vw, 161px\" \/><\/td>\n<\/tr>\n<tr style=\"height: 21px;\">\n<td style=\"height: 21px;\" width=\"49%\"><span style=\"color: #000000;\"><strong>BSSL Vinschgau:<\/strong><\/span><\/td>\n<td style=\"height: 21px;\" align=\"center\" width=\"51%\"><span style=\"color: #000000;\">zu ernennen<\/span><\/td>\n<\/tr>\n<tr style=\"height: 21px;\">\n<td style=\"height: 21px;\" width=\"49%\"><span style=\"color: #000000;\"><strong>BSSL Bozen:<\/strong><\/span><\/td>\n<td style=\"height: 21px;\" align=\"center\" width=\"51%\"><span style=\"color: #000000;\">Florian Brugger<\/span><\/td>\n<\/tr>\n<tr style=\"height: 21px;\">\n<td style=\"height: 21px;\" width=\"49%\"><span style=\"color: #000000;\"><strong>BSSL \u00dcberetsch\/Unterland:<\/strong><\/span><\/td>\n<td style=\"height: 21px;\" align=\"center\" width=\"51%\"><span style=\"color: #000000;\"><a style=\"color: #000000;\" href=\"mailto:bezirkssl@gmail.com\" target=\"_blank\" rel=\"noopener noreferrer\">Norbert Gschnell<\/a><\/span><\/td>\n<\/tr>\n<tr style=\"height: 21px;\">\n<td style=\"height: 21px;\" width=\"49%\"><span style=\"color: #000000;\"><strong>BSSL Eisacktal\/Pustertal:<\/strong><\/span><\/td>\n<td style=\"height: 21px;\" align=\"center\" width=\"51%\"><span style=\"color: #000000;\">Markus Weber<\/span><\/td>\n<\/tr>\n<tr style=\"height: 21px;\">\n<td style=\"height: 21px;\" width=\"49%\"><span style=\"color: #000000;\"><strong>BSSL Burggrafenamt:<\/strong><\/span><\/td>\n<td style=\"height: 21px;\" align=\"center\" width=\"51%\"><span style=\"color: #000000;\">Eduard von Dellemann<\/span><\/td>\n<\/tr>\n<\/tbody>\n<\/table>\n<p>&nbsp;<\/p>\n<p style=\"text-align: left;\">Diese Arbeitsgruppe befasst sich mit der Ausarbeitung der Wettkampfregelungen und legt diese der Verbandsleitung zur Genehmigung vor. Au\u00dferdem stellt sie in Zusammenarbeit mit dem Regionalkomitee die S\u00fcdtiroler Auswahl f\u00fcr die einzelnen Wettk\u00e4mpfe zusammen und organisiert deren Teilnahme an diversen Wettk\u00e4mpfen. Auch die Landeseinzelmeisterschaft, die Landesliga, der Wettkampf\u00a0 Nord &#8211; S\u00fcdtirol und manches mehr wird von dieser Arbeitsgruppe vorbereitet und abgewickelt. Eventuelle Info, Vorschl\u00e4ge, Ideen u.s.w beim Landesschie\u00dfsportleiterin Edith Gufler.<\/p>\n<\/div>\n<p>[\/vc_column_text][\/vc_column][vc_column width=&#8220;1\/2&#8243;][vc_column_text]<\/p>\n<h2 style=\"text-align: left;\" align=\"center\"><span style=\"color: #000000;\"><strong>Arbeitsgruppe f\u00fcr Tradition:<\/strong><\/span><span style=\"color: #000000; font-family: Verdana, Geneva, sans-serif; font-size: 15px;\">\u00a0<\/span><\/h2>\n<div align=\"center\">\n<div align=\"center\">\n<table border=\"0\" width=\"60%\" cellspacing=\"1\">\n<tbody>\n<tr>\n<td width=\"57%\">\n<p align=\"center\"><span style=\"color: #000000;\"><strong>Landesschiessportleiter:<\/strong><\/span><br \/>\n<span style=\"color: #000000;\"><a style=\"color: #000000;\" href=\"mailto:valentin.g@alice.it\">Valentin Gr\u00fcner<\/a><br \/>\n<span style=\"font-size: 11pt;\">39020 Schnals \u2013 Unser Frau 104<\/span><br \/>\n<\/span><span style=\"color: #000000;\">Tel. 339\/6918507<\/span><\/p>\n<\/td>\n<td align=\"center\" width=\"43%\"><img loading=\"lazy\" class=\"alignnone wp-image-1427 size-full\" src=\"https:\/\/www.sssv.org\/17\/wp-content\/uploads\/2017\/12\/gruener-web.jpg\" alt=\"\" width=\"151\" height=\"189\" \/><\/td>\n<\/tr>\n<tr>\n<td width=\"57%\"><span style=\"color: #000000;\"><strong>BSSL Vinschgau:<\/strong><\/span><\/td>\n<td align=\"center\" width=\"43%\"><span style=\"color: #000000;\">Kurt Platzgummer<\/span><\/td>\n<\/tr>\n<tr>\n<td width=\"57%\"><span style=\"color: #000000;\"><strong>BSSL Bozen:<\/strong><\/span><\/td>\n<td align=\"center\" width=\"43%\"><span style=\"color: #000000;\">Hubert Mittermaier<\/span><\/td>\n<\/tr>\n<tr>\n<td width=\"57%\"><span style=\"color: #000000;\"><strong>BSSL \u00dcberetsch\/Unterland:<\/strong><\/span><\/td>\n<td align=\"center\" width=\"43%\"><span style=\"color: #000000;\">Klaus Zambaldi<\/span><\/td>\n<\/tr>\n<tr>\n<td width=\"57%\"><span style=\"color: #000000;\"><strong>BSSL Eisacktal\/Pustertal:<\/strong><\/span><\/td>\n<td align=\"center\" width=\"43%\"><span style=\"color: #000000;\">Urban Zingerle<\/span><\/td>\n<\/tr>\n<tr>\n<td width=\"57%\"><span style=\"color: #000000;\"><strong>BSSL Burggrafenamt:<\/strong><\/span><\/td>\n<td align=\"center\" width=\"43%\"><span style=\"color: #000000;\">Reinhard Fauner<\/span><\/td>\n<\/tr>\n<\/tbody>\n<\/table>\n<p><span style=\"color: #000000;\">\u00a0<\/span><\/p>\n<\/div>\n<div align=\"center\"><\/div>\n<p style=\"text-align: left;\"><span style=\"color: #000000;\">Diese Arbeitsgruppe befasst sich mit den Nachtr\u00e4gen und \u00c4nderungen der Wettkampfregeln f\u00fcr Freischie\u00dfen. Ihr unterliegt die Anpassung der Ringe f\u00fcr die Vergabe der Leistungsabzeichen und Eicheln. Jede \u00c4nderung wird von der Verbandsleitung genehmigt. Eventuelle Info, Vorschl\u00e4ge u.s.w beim Landesschie\u00dfsportleiter Valentin Gr\u00fcner.<\/span><\/p>\n<\/div>\n<p>[\/vc_column_text][\/vc_column][\/vc_row][vc_row][vc_column][vc_separator color=&#8220;custom&#8220; accent_color=&#8220;#e29754&#8243;][\/vc_column][\/vc_row][vc_row][vc_column width=&#8220;1\/2&#8243;][vc_column_text]<\/p>\n<h2 style=\"text-align: left;\" align=\"center\"><span style=\"color: #000000;\"><strong>Arbeitsgruppe f\u00fcr Jugend:<\/strong><\/span><span style=\"color: #000000; font-family: Verdana, Geneva, sans-serif; font-size: 15px;\">\u00a0<\/span><\/h2>\n<div align=\"center\">\n<div align=\"center\">\n<table border=\"0\" width=\"60%\" cellspacing=\"1\">\n<tbody>\n<tr>\n<td width=\"57%\">\n<p align=\"center\"><span style=\"color: #000000;\"><strong>Landesjugendleiter:<\/strong><\/span><br \/>\n<span style=\"color: #000000;\"><a style=\"color: #000000;\" href=\"mailto:kilian09@hotmail.de\">Kilian Gr\u00fcner<\/a><br \/>\nTel. 331 291 8750<br \/>\n<\/span><\/p>\n<\/td>\n<td align=\"center\" width=\"43%\"><a style=\"color: #000000;\" href=\"mailto:kilian09@hotmail.de\"><span style=\"color: #000000;\"><strong><img loading=\"lazy\" class=\"alignnone wp-image-4198\" src=\"https:\/\/www.sssv.org\/17\/wp-content\/uploads\/2022\/10\/Gruener-Kilian-L-J-L-219x300.jpg\" alt=\"\" width=\"128\" height=\"176\" srcset=\"https:\/\/www.sssv.org\/17\/wp-content\/uploads\/2022\/10\/Gruener-Kilian-L-J-L-219x300.jpg 219w, https:\/\/www.sssv.org\/17\/wp-content\/uploads\/2022\/10\/Gruener-Kilian-L-J-L-307x420.jpg 307w, https:\/\/www.sssv.org\/17\/wp-content\/uploads\/2022\/10\/Gruener-Kilian-L-J-L.jpg 392w\" sizes=\"(max-width: 128px) 100vw, 128px\" \/><\/strong><\/span><\/a><\/td>\n<\/tr>\n<tr>\n<td width=\"57%\"><span style=\"color: #000000;\"><strong>Bezirk Vinschgau:<\/strong><\/span><\/td>\n<td align=\"center\" width=\"43%\"><span style=\"color: #000000;\"><a style=\"color: #000000;\" href=\"mailto:kilian09@hotmail.de\">Kilian Gr\u00fcner<\/a><\/span><\/td>\n<\/tr>\n<tr>\n<td width=\"57%\"><span style=\"color: #000000;\"><strong>Bezirk \u00dcberetsch Unterland:<\/strong><\/span><\/td>\n<td align=\"center\" width=\"43%\">Manuel Gamper<\/td>\n<\/tr>\n<tr>\n<td width=\"57%\"><span style=\"color: #000000;\"><strong>Bezirk Eisacktal\/Pustertal:<\/strong><\/span><\/td>\n<td align=\"center\" width=\"43%\">Helmuth Messner<\/td>\n<\/tr>\n<tr>\n<td width=\"57%\"><span style=\"color: #000000;\"><strong>Bezirk Burggrafenamt:<\/strong><\/span><\/td>\n<td align=\"center\" width=\"43%\"><span style=\"color: #000000;\"><a style=\"color: #000000;\" href=\"mailto:manfred.kofler@hotmail.com\" target=\"_blank\" rel=\"noopener noreferrer\">Manfred Kofler<\/a><\/span><\/td>\n<\/tr>\n<tr>\n<td width=\"57%\"><span style=\"color: #000000;\"><strong>Bezirk Bozen:<\/strong><\/span><\/td>\n<td align=\"center\" width=\"43%\"><span style=\"color: #000000;\"><a style=\"color: #000000;\" href=\"mailto:christine.pfeifer@brennercom.net\" target=\"_blank\" rel=\"noopener noreferrer\">Karlheinz F\u00e4ckl<\/a><\/span><\/td>\n<\/tr>\n<\/tbody>\n<\/table>\n<\/div>\n<div align=\"center\"><\/div>\n<p style=\"text-align: left;\">Die Statuten des S\u00fcdtiroler Sportsch\u00fctzenverbandes wurden vor einigen Jahren in einigen Punkten abge\u00e4ndert. Eine wesentliche Neuerung dabei war die Regelung der Jugendarbeit. Diese Neustrukturierung konnte auch in der Praxis umgesetzt werden. Vorgesehen ist hiermit in jeder Gilde ein Jugendleiter, der auf Vereinsebene die Koordinierung s\u00e4mtlicher Aktivit\u00e4ten, wie Training, Kurse und Wettk\u00e4mpfe der Jugendlichen von 10 bis 20 Jahren \u00fcber hat. Aus den Reihen all dieser Jugendleiter ist f\u00fcr jeden Bezirk ein Bezirksjugendleiter ernannt worden. Diese von den jeweiligen Bezirksleitungen Ernannten bilden zusammen mit dem Landesjugendleiter eine Arbeitsgruppe.<\/p>\n<\/div>\n<p>[\/vc_column_text][\/vc_column][\/vc_row][vc_row][vc_column][vc_separator color=&#8220;custom&#8220; accent_color=&#8220;#e29754&#8243;][\/vc_column][\/vc_row][vc_row][vc_column width=&#8220;1\/2&#8243;][vc_column_text]<\/p>\n<h2 style=\"text-align: left;\" align=\"center\"><span style=\"color: #000000;\"><strong>Redaktion Verbandszeitung:<\/strong><\/span><\/h2>\n<p style=\"text-align: left;\" align=\"center\"><span style=\"color: #000000;\">Gesamtkordination: <a style=\"color: #000000;\" href=\"mailto:tecnica@gmx.net\" target=\"_blank\" rel=\"noopener noreferrer\">Heinz Unterholzer<\/a><\/span><\/p>\n<p style=\"text-align: left;\" align=\"center\"><span style=\"color: #000000;\">Die Verbandszeitung erscheint 2 bis 3 mal im Jahr und dient als Information rund um den Schie\u00dfsport in S\u00fcdtirol. Sie wird gratis an alle Mitglieder der S\u00fcdtiroler Sportsch\u00fctzenvereine abgegeben.<\/span><\/p>\n<p style=\"text-align: left;\" align=\"center\"><span style=\"color: #000000;\">Sollten Sie bei einer Gilde Mitglied sein, keine Verbandszeitung erhalten, und die Zusendung erw\u00fcnschen, teilen Sie uns einfach Ihre Adresse mittels\u00a0Mail (info(aet)sssv.org) oder Telefon (0473\/280093) mit.<\/span><\/p>\n<p style=\"text-align: left;\" align=\"center\"><span style=\"color: #000000;\">F\u00fcr eventuelle Ver\u00f6ffentlichungen von Berichten, Ergebnissen, Vorank\u00fcndigungen, Einladungen, Fotos usw. ist eine \u00dcbermittlung per\u00a0<a style=\"color: #000000;\" href=\"mailto:info@www2.sssv.org\">Mail an den Verband<\/a>\u00a0oder per Datentr\u00e4ger w\u00fcnschenswert, aber keine Bedingung.<\/span><\/p>\n<p>[\/vc_column_text][\/vc_column][vc_column width=&#8220;1\/2&#8243;][vc_column_text]<\/p>\n<h2 style=\"text-align: left;\" align=\"center\"><span style=\"color: #000000;\"><strong>Internet Arbeitsgruppe:\u00a0<\/strong><\/span><\/h2>\n<div style=\"text-align: left;\" align=\"center\">\n<p>Gesamtkoordination: <a href=\"mailto:tecnica@gmx.net\" target=\"_blank\" rel=\"noopener noreferrer\"><span style=\"color: #000000;\">Heinz Unterholzer<\/span><\/a><\/p>\n<p><span style=\"color: #000000;\">Diese Arbeitsgruppe befasst sich mit der Gestaltung, den Nachtr\u00e4gen und \u00c4nderungen der Homepage des Verbandes. Eine Verlinkung zu einer Homepage eines Vereins ist kostenlos, allerdings muss auch eine Verlinkung zu unserer Webseite (<a style=\"color: #000000;\" href=\"http:\/\/www.sssv.org\">www.sssv.org<\/a>) gemacht werden.\u00a0 <\/span><span style=\"color: #000000;\">Wenn eine Gilde oder Sektion \u00fcber keine eigene Homepage verf\u00fcgt, hat sie die M\u00f6glichkeit, innerhalb dieser Webseiten eine Infoseite\u00a0f\u00fcr seinen Verein zu erhalten. <\/span><br \/>\n<span style=\"color: #000000;\">Eventuelle Ver\u00f6ffentlichungen von Ergebnissen, Ladschreiben, Einladungen usw. ist nur m\u00f6glich, wenn dieselben per Mail oder auf Datentr\u00e4ger verf\u00fcgbar sind.<\/span><br \/>\n<span style=\"color: #000000;\">Eventuelle Info, Vorschl\u00e4ge, Tipps, Anregungen\u00a0 und Fehlermeldungen zur Homepage sind immer willkommen, einfach eine\u00a0<a style=\"color: #000000;\" href=\"mailto:info@www2.sssv.org\" target=\"_blank\" rel=\"noopener noreferrer\">Mail schicken<\/a>.<\/span><\/p>\n<\/div>\n<p>[\/vc_column_text][\/vc_column][\/vc_row]<\/p>\n","protected":false},"excerpt":{"rendered":"<p>[vc_row][vc_column][vc_column_text] VERBAND [\/vc_column_text][\/vc_column][\/vc_row][vc_row][vc_column][vc_separator color=&#8220;custom&#8220; accent_color=&#8220;#e29754&#8243;][\/vc_column][\/vc_row][vc_row][vc_column width=&#8220;1\/2&#8243;][vc_column_text]Landesobersch\u00fctzenmeister: Markus Passler[\/vc_column_text][vc_single_image image=&#8220;1071&#8243; img_size=&#8220;200x300px&#8220;][\/vc_column][vc_column width=&#8220;1\/2&#8243;][vc_column_text]Landesoberstsch\u00fctzenmeister: Dr. Arno Kompatscher[\/vc_column_text][vc_single_image image=&#8220;410&#8243; img_size=&#8220;200x300px&#8220;][\/vc_column][\/vc_row][vc_row][vc_column][vc_separator color=&#8220;custom&#8220; accent_color=&#8220;#e29754&#8243;][\/vc_column][\/vc_row][vc_row][vc_column width=&#8220;1\/2&#8243;][vc_column_text]1. Landessch\u00fctzenmeister: Nikolaus Weger [\/vc_column_text][vc_single_image image=&#8220;5420&#8243; img_size=&#8220;200x300px&#8220;][\/vc_column][vc_column width=&#8220;1\/2&#8243;][vc_column_text]2. Landessch\u00fctzenmeister: Wolfgang Dissertori[\/vc_column_text][vc_single_image image=&#8220;5416&#8243; img_size=&#8220;200x300px&#8220;][\/vc_column][\/vc_row][vc_row][vc_column][vc_separator color=&#8220;custom&#8220; accent_color=&#8220;#e29754&#8243;][\/vc_column][\/vc_row][vc_row][vc_column width=&#8220;1\/2&#8243;][vc_column_text]Ehrenlandesoberstsch\u00fctzenmeister: Dr. Luis Durnwalder[\/vc_column_text][vc_single_image image=&#8220;409&#8243; img_size=&#8220;200x300px&#8220;][\/vc_column][vc_column width=&#8220;1\/2&#8243;][vc_column_text]Ehrenlandesobersch\u00fctzenmeister: Karl Gasser\u00a0\u00a0\u00a0\u00a0 August Tappeiner [\/vc_column_text][vc_single_image image=&#8220;392&#8243; img_size=&#8220;200x300px&#8220;][vc_single_image image=&#8220;1076&#8243; img_size=&#8220;200x300px&#8220;][\/vc_column][\/vc_row][vc_row][vc_column][vc_separator color=&#8220;custom&#8220; accent_color=&#8220;#e29754&#8243;][vc_column_text] Ehrenmitglieder: Anton Bauer Naturns [&hellip;]<\/p>\n","protected":false},"author":1,"featured_media":0,"parent":0,"menu_order":0,"comment_status":"closed","ping_status":"closed","template":"","meta":[],"yoast_head":"<!-- This site is optimized with the Yoast SEO plugin v17.8 - https:\/\/yoast.com\/wordpress\/plugins\/seo\/ -->\n<meta name=\"robots\" content=\"index, follow, max-snippet:-1, max-image-preview:large, max-video-preview:-1\" \/>\n<link rel=\"canonical\" href=\"https:\/\/www.sssv.org\/17\/verband\/\" \/>\n<meta property=\"og:locale\" content=\"de_DE\" \/>\n<meta property=\"og:type\" content=\"article\" \/>\n<meta property=\"og:title\" content=\"VERBAND - SSSV\" \/>\n<meta property=\"og:description\" content=\"[vc_row][vc_column][vc_column_text] VERBAND [\/vc_column_text][\/vc_column][\/vc_row][vc_row][vc_column][vc_separator color=&#8220;custom&#8220; accent_color=&#8220;#e29754&#8243;][\/vc_column][\/vc_row][vc_row][vc_column width=&#8220;1\/2&#8243;][vc_column_text]Landesobersch\u00fctzenmeister: Markus Passler[\/vc_column_text][vc_single_image image=&#8220;1071&#8243; img_size=&#8220;200x300px&#8220;][\/vc_column][vc_column width=&#8220;1\/2&#8243;][vc_column_text]Landesoberstsch\u00fctzenmeister: Dr. Arno Kompatscher[\/vc_column_text][vc_single_image image=&#8220;410&#8243; img_size=&#8220;200x300px&#8220;][\/vc_column][\/vc_row][vc_row][vc_column][vc_separator color=&#8220;custom&#8220; accent_color=&#8220;#e29754&#8243;][\/vc_column][\/vc_row][vc_row][vc_column width=&#8220;1\/2&#8243;][vc_column_text]1. Landessch\u00fctzenmeister: Nikolaus Weger [\/vc_column_text][vc_single_image image=&#8220;5420&#8243; img_size=&#8220;200x300px&#8220;][\/vc_column][vc_column width=&#8220;1\/2&#8243;][vc_column_text]2. Landessch\u00fctzenmeister: Wolfgang Dissertori[\/vc_column_text][vc_single_image image=&#8220;5416&#8243; img_size=&#8220;200x300px&#8220;][\/vc_column][\/vc_row][vc_row][vc_column][vc_separator color=&#8220;custom&#8220; accent_color=&#8220;#e29754&#8243;][\/vc_column][\/vc_row][vc_row][vc_column width=&#8220;1\/2&#8243;][vc_column_text]Ehrenlandesoberstsch\u00fctzenmeister: Dr. Luis Durnwalder[\/vc_column_text][vc_single_image image=&#8220;409&#8243; img_size=&#8220;200x300px&#8220;][\/vc_column][vc_column width=&#8220;1\/2&#8243;][vc_column_text]Ehrenlandesobersch\u00fctzenmeister: Karl Gasser\u00a0\u00a0\u00a0\u00a0 August Tappeiner [\/vc_column_text][vc_single_image image=&#8220;392&#8243; img_size=&#8220;200x300px&#8220;][vc_single_image image=&#8220;1076&#8243; img_size=&#8220;200x300px&#8220;][\/vc_column][\/vc_row][vc_row][vc_column][vc_separator color=&#8220;custom&#8220; accent_color=&#8220;#e29754&#8243;][vc_column_text] Ehrenmitglieder: Anton Bauer Naturns [&hellip;]\" \/>\n<meta property=\"og:url\" content=\"https:\/\/www.sssv.org\/17\/verband\/\" \/>\n<meta property=\"og:site_name\" content=\"SSSV\" \/>\n<meta property=\"article:modified_time\" content=\"2026-04-18T15:26:18+00:00\" \/>\n<meta property=\"og:image\" content=\"http:\/\/www2.sssv.org\/17\/wp-content\/uploads\/2019\/01\/logostatuten-226x300.jpg\" \/>\n<meta name=\"twitter:card\" content=\"summary_large_image\" \/>\n<meta name=\"twitter:label1\" content=\"Gesch\u00e4tzte Lesezeit\" \/>\n\t<meta name=\"twitter:data1\" content=\"5\u00a0Minuten\" \/>\n<script type=\"application\/ld+json\" class=\"yoast-schema-graph\">{\"@context\":\"https:\/\/schema.org\",\"@graph\":[{\"@type\":\"WebSite\",\"@id\":\"https:\/\/www.sssv.org\/17\/#website\",\"url\":\"https:\/\/www.sssv.org\/17\/\",\"name\":\"SSSV\",\"description\":\"S\\u00fcdtiroler Sportsch\\u00fctzenverband\",\"potentialAction\":[{\"@type\":\"SearchAction\",\"target\":{\"@type\":\"EntryPoint\",\"urlTemplate\":\"https:\/\/www.sssv.org\/17\/?s={search_term_string}\"},\"query-input\":\"required name=search_term_string\"}],\"inLanguage\":\"de\"},{\"@type\":\"ImageObject\",\"@id\":\"https:\/\/www.sssv.org\/17\/verband\/#primaryimage\",\"inLanguage\":\"de\",\"url\":\"http:\/\/www2.sssv.org\/17\/wp-content\/uploads\/2019\/01\/logostatuten-226x300.jpg\",\"contentUrl\":\"http:\/\/www2.sssv.org\/17\/wp-content\/uploads\/2019\/01\/logostatuten-226x300.jpg\"},{\"@type\":\"WebPage\",\"@id\":\"https:\/\/www.sssv.org\/17\/verband\/#webpage\",\"url\":\"https:\/\/www.sssv.org\/17\/verband\/\",\"name\":\"VERBAND - SSSV\",\"isPartOf\":{\"@id\":\"https:\/\/www.sssv.org\/17\/#website\"},\"primaryImageOfPage\":{\"@id\":\"https:\/\/www.sssv.org\/17\/verband\/#primaryimage\"},\"datePublished\":\"2026-04-17T17:00:29+00:00\",\"dateModified\":\"2026-04-18T15:26:18+00:00\",\"breadcrumb\":{\"@id\":\"https:\/\/www.sssv.org\/17\/verband\/#breadcrumb\"},\"inLanguage\":\"de\",\"potentialAction\":[{\"@type\":\"ReadAction\",\"target\":[\"https:\/\/www.sssv.org\/17\/verband\/\"]}]},{\"@type\":\"BreadcrumbList\",\"@id\":\"https:\/\/www.sssv.org\/17\/verband\/#breadcrumb\",\"itemListElement\":[{\"@type\":\"ListItem\",\"position\":1,\"name\":\"Startseite\",\"item\":\"https:\/\/www.sssv.org\/17\/\"},{\"@type\":\"ListItem\",\"position\":2,\"name\":\"VERBAND\"}]}]}<\/script>\n<!-- \/ Yoast SEO plugin. -->","yoast_head_json":{"robots":{"index":"index","follow":"follow","max-snippet":"max-snippet:-1","max-image-preview":"max-image-preview:large","max-video-preview":"max-video-preview:-1"},"canonical":"https:\/\/www.sssv.org\/17\/verband\/","og_locale":"de_DE","og_type":"article","og_title":"VERBAND - SSSV","og_description":"[vc_row][vc_column][vc_column_text] VERBAND [\/vc_column_text][\/vc_column][\/vc_row][vc_row][vc_column][vc_separator color=&#8220;custom&#8220; accent_color=&#8220;#e29754&#8243;][\/vc_column][\/vc_row][vc_row][vc_column width=&#8220;1\/2&#8243;][vc_column_text]Landesobersch\u00fctzenmeister: Markus Passler[\/vc_column_text][vc_single_image image=&#8220;1071&#8243; img_size=&#8220;200x300px&#8220;][\/vc_column][vc_column width=&#8220;1\/2&#8243;][vc_column_text]Landesoberstsch\u00fctzenmeister: Dr. Arno Kompatscher[\/vc_column_text][vc_single_image image=&#8220;410&#8243; img_size=&#8220;200x300px&#8220;][\/vc_column][\/vc_row][vc_row][vc_column][vc_separator color=&#8220;custom&#8220; accent_color=&#8220;#e29754&#8243;][\/vc_column][\/vc_row][vc_row][vc_column width=&#8220;1\/2&#8243;][vc_column_text]1. Landessch\u00fctzenmeister: Nikolaus Weger [\/vc_column_text][vc_single_image image=&#8220;5420&#8243; img_size=&#8220;200x300px&#8220;][\/vc_column][vc_column width=&#8220;1\/2&#8243;][vc_column_text]2. Landessch\u00fctzenmeister: Wolfgang Dissertori[\/vc_column_text][vc_single_image image=&#8220;5416&#8243; img_size=&#8220;200x300px&#8220;][\/vc_column][\/vc_row][vc_row][vc_column][vc_separator color=&#8220;custom&#8220; accent_color=&#8220;#e29754&#8243;][\/vc_column][\/vc_row][vc_row][vc_column width=&#8220;1\/2&#8243;][vc_column_text]Ehrenlandesoberstsch\u00fctzenmeister: Dr. Luis Durnwalder[\/vc_column_text][vc_single_image image=&#8220;409&#8243; img_size=&#8220;200x300px&#8220;][\/vc_column][vc_column width=&#8220;1\/2&#8243;][vc_column_text]Ehrenlandesobersch\u00fctzenmeister: Karl Gasser\u00a0\u00a0\u00a0\u00a0 August Tappeiner [\/vc_column_text][vc_single_image image=&#8220;392&#8243; img_size=&#8220;200x300px&#8220;][vc_single_image image=&#8220;1076&#8243; img_size=&#8220;200x300px&#8220;][\/vc_column][\/vc_row][vc_row][vc_column][vc_separator color=&#8220;custom&#8220; accent_color=&#8220;#e29754&#8243;][vc_column_text] Ehrenmitglieder: Anton Bauer Naturns [&hellip;]","og_url":"https:\/\/www.sssv.org\/17\/verband\/","og_site_name":"SSSV","article_modified_time":"2026-04-18T15:26:18+00:00","og_image":[{"url":"http:\/\/www2.sssv.org\/17\/wp-content\/uploads\/2019\/01\/logostatuten-226x300.jpg"}],"twitter_card":"summary_large_image","twitter_misc":{"Gesch\u00e4tzte Lesezeit":"5\u00a0Minuten"},"schema":{"@context":"https:\/\/schema.org","@graph":[{"@type":"WebSite","@id":"https:\/\/www.sssv.org\/17\/#website","url":"https:\/\/www.sssv.org\/17\/","name":"SSSV","description":"S\u00fcdtiroler Sportsch\u00fctzenverband","potentialAction":[{"@type":"SearchAction","target":{"@type":"EntryPoint","urlTemplate":"https:\/\/www.sssv.org\/17\/?s={search_term_string}"},"query-input":"required name=search_term_string"}],"inLanguage":"de"},{"@type":"ImageObject","@id":"https:\/\/www.sssv.org\/17\/verband\/#primaryimage","inLanguage":"de","url":"http:\/\/www2.sssv.org\/17\/wp-content\/uploads\/2019\/01\/logostatuten-226x300.jpg","contentUrl":"http:\/\/www2.sssv.org\/17\/wp-content\/uploads\/2019\/01\/logostatuten-226x300.jpg"},{"@type":"WebPage","@id":"https:\/\/www.sssv.org\/17\/verband\/#webpage","url":"https:\/\/www.sssv.org\/17\/verband\/","name":"VERBAND - SSSV","isPartOf":{"@id":"https:\/\/www.sssv.org\/17\/#website"},"primaryImageOfPage":{"@id":"https:\/\/www.sssv.org\/17\/verband\/#primaryimage"},"datePublished":"2026-04-17T17:00:29+00:00","dateModified":"2026-04-18T15:26:18+00:00","breadcrumb":{"@id":"https:\/\/www.sssv.org\/17\/verband\/#breadcrumb"},"inLanguage":"de","potentialAction":[{"@type":"ReadAction","target":["https:\/\/www.sssv.org\/17\/verband\/"]}]},{"@type":"BreadcrumbList","@id":"https:\/\/www.sssv.org\/17\/verband\/#breadcrumb","itemListElement":[{"@type":"ListItem","position":1,"name":"Startseite","item":"https:\/\/www.sssv.org\/17\/"},{"@type":"ListItem","position":2,"name":"VERBAND"}]}]}},"_links":{"self":[{"href":"https:\/\/www.sssv.org\/17\/wp-json\/wp\/v2\/pages\/2"}],"collection":[{"href":"https:\/\/www.sssv.org\/17\/wp-json\/wp\/v2\/pages"}],"about":[{"href":"https:\/\/www.sssv.org\/17\/wp-json\/wp\/v2\/types\/page"}],"author":[{"embeddable":true,"href":"https:\/\/www.sssv.org\/17\/wp-json\/wp\/v2\/users\/1"}],"replies":[{"embeddable":true,"href":"https:\/\/www.sssv.org\/17\/wp-json\/wp\/v2\/comments?post=2"}],"version-history":[{"count":162,"href":"https:\/\/www.sssv.org\/17\/wp-json\/wp\/v2\/pages\/2\/revisions"}],"predecessor-version":[{"id":5899,"href":"https:\/\/www.sssv.org\/17\/wp-json\/wp\/v2\/pages\/2\/revisions\/5899"}],"wp:attachment":[{"href":"https:\/\/www.sssv.org\/17\/wp-json\/wp\/v2\/media?parent=2"}],"curies":[{"name":"wp","href":"https:\/\/api.w.org\/{rel}","templated":true}]}}